{"id":2875,"date":"2022-03-23T14:52:00","date_gmt":"2022-03-23T15:52:00","guid":{"rendered":"https:\/\/backend-ugpe.gov.cv\/?post_type=projetos&#038;p=2875"},"modified":"2026-01-29T11:01:52","modified_gmt":"2026-01-29T12:01:52","slug":"reforco-da-sustentabilidade-resiliencia-e-diversificacao-do-sector-do-turismo-em-cabo-verde","status":"publish","type":"projetos","link":"https:\/\/backend-ugpe.gov.cv\/en\/projetos\/reforco-da-sustentabilidade-resiliencia-e-diversificacao-do-sector-do-turismo-em-cabo-verde\/","title":{"rendered":"Resilient Tourism and Blue Economy Development Project in Cape Verde"},"parent":0,"template":"","meta":{"om_disable_all_campaigns":false,"_mi_skip_tracking":false,"_monsterinsights_sitenote_active":false,"_monsterinsights_sitenote_note":"","_monsterinsights_sitenote_category":0,"site-sidebar-layout":"default","site-content-layout":"default","ast-global-header-display":"","ast-main-header-display":"","ast-hfb-above-header-display":"","ast-hfb-below-header-display":"","ast-hfb-mobile-header-display":"","site-post-title":"","ast-breadcrumbs-content":"","ast-featured-img":"","footer-sml-layout":"","theme-transparent-header-meta":"default","adv-header-id-meta":"","stick-header-meta":"","header-above-stick-meta":"","header-main-stick-meta":"","header-below-stick-meta":""},"areas_de_projeto":[59],"estado_do_projeto":[66],"class_list":["post-2875","projetos","type-projetos","status-publish","hentry","areas_de_projeto-turismo","estado_do_projeto-em-curso"],"acf":{"id_do_projeto":"P176981","entidades_beneficiarias":[{"ID":9534,"post_author":"13","post_date":"2025-08-28 15:03:33","post_date_gmt":"2025-08-28 16:03:33","post_content":"","post_title":"Minist\u00e9rio das Finan\u00e7as","post_excerpt":"","post_status":"publish","comment_status":"closed","ping_status":"closed","post_password":"","post_name":"ministerio-das-financas","to_ping":"","pinged":"","post_modified":"2025-08-28 15:03:33","post_modified_gmt":"2025-08-28 16:03:33","post_content_filtered":"","post_parent":0,"guid":"https:\/\/backend-ugpe.gov.cv\/ent_beneficiarias\/ministerio-das-financas\/","menu_order":0,"post_type":"ent_beneficiarias","post_mime_type":"","comment_count":"0","filter":"raw"},{"ID":9535,"post_author":"13","post_date":"2025-08-28 15:03:33","post_date_gmt":"2025-08-28 16:03:33","post_content":"","post_title":"Minist\u00e9rio da Promo\u00e7\u00e3o de Investimentos e Fomento Empresarial","post_excerpt":"","post_status":"publish","comment_status":"closed","ping_status":"closed","post_password":"","post_name":"ministerio-da-promocao-de-investimentos-e-fomento-empresarial","to_ping":"","pinged":"","post_modified":"2025-08-28 15:03:33","post_modified_gmt":"2025-08-28 16:03:33","post_content_filtered":"","post_parent":0,"guid":"https:\/\/backend-ugpe.gov.cv\/ent_beneficiarias\/ministerio-da-promocao-de-investimentos-e-fomento-empresarial\/","menu_order":0,"post_type":"ent_beneficiarias","post_mime_type":"","comment_count":"0","filter":"raw"},{"ID":2081,"post_author":"13","post_date":"2021-11-24 17:20:18","post_date_gmt":"2021-11-24 18:20:18","post_content":"","post_title":"Ministry of Tourism and Transport","post_excerpt":"","post_status":"publish","comment_status":"closed","ping_status":"closed","post_password":"","post_name":"ministerio-de-turismo-e-transporte","to_ping":"","pinged":"","post_modified":"2021-12-10 11:06:50","post_modified_gmt":"2021-12-10 12:06:50","post_content_filtered":"","post_parent":0,"guid":"https:\/\/backend-ugpe.gov.cv\/ent_beneficiarias\/ministerio-de-turismo-e-transporte\/","menu_order":21,"post_type":"ent_beneficiarias","post_mime_type":"","comment_count":"0","filter":"raw","post_title_ml":"[:pt]Minist\u00e9rio de Turismo e Transporte[:en]Ministry of Tourism and Transport[:]","post_title_langs":{"pt":true,"en":true}},{"ID":9536,"post_author":"13","post_date":"2025-08-28 15:03:33","post_date_gmt":"2025-08-28 16:03:33","post_content":"","post_title":"Minist\u00e9rio do Mar","post_excerpt":"","post_status":"publish","comment_status":"closed","ping_status":"closed","post_password":"","post_name":"ministerio-do-mar","to_ping":"","pinged":"","post_modified":"2025-08-28 15:03:33","post_modified_gmt":"2025-08-28 16:03:33","post_content_filtered":"","post_parent":0,"guid":"https:\/\/backend-ugpe.gov.cv\/ent_beneficiarias\/ministerio-do-mar\/","menu_order":0,"post_type":"ent_beneficiarias","post_mime_type":"","comment_count":"0","filter":"raw"},{"ID":9537,"post_author":"13","post_date":"2025-08-28 15:03:33","post_date_gmt":"2025-08-28 16:03:33","post_content":"","post_title":"Minist\u00e9rio das Infra-Estruturas do Ordenamento do Territ\u00f3rio e Habita\u00e7\u00e3o","post_excerpt":"","post_status":"publish","comment_status":"closed","ping_status":"closed","post_password":"","post_name":"ministerio-das-infra-estruturas-do-ordenamento-do-territorio-e-habitacao","to_ping":"","pinged":"","post_modified":"2025-08-28 15:03:33","post_modified_gmt":"2025-08-28 16:03:33","post_content_filtered":"","post_parent":0,"guid":"https:\/\/backend-ugpe.gov.cv\/ent_beneficiarias\/ministerio-das-infra-estruturas-do-ordenamento-do-territorio-e-habitacao\/","menu_order":0,"post_type":"ent_beneficiarias","post_mime_type":"","comment_count":"0","filter":"raw"},{"ID":9538,"post_author":"13","post_date":"2025-08-28 15:03:33","post_date_gmt":"2025-08-28 16:03:33","post_content":"","post_title":"Minist\u00e9rio da Cultura e das Ind\u00fastrias Criativas","post_excerpt":"","post_status":"publish","comment_status":"closed","ping_status":"closed","post_password":"","post_name":"ministerio-da-cultura-e-das-industrias-criativas","to_ping":"","pinged":"","post_modified":"2025-08-28 15:03:33","post_modified_gmt":"2025-08-28 16:03:33","post_content_filtered":"","post_parent":0,"guid":"https:\/\/backend-ugpe.gov.cv\/ent_beneficiarias\/ministerio-da-cultura-e-das-industrias-criativas\/","menu_order":0,"post_type":"ent_beneficiarias","post_mime_type":"","comment_count":"0","filter":"raw"},{"ID":9539,"post_author":"13","post_date":"2025-08-28 15:03:33","post_date_gmt":"2025-08-28 16:03:33","post_content":"","post_title":"Instituto Nacional de Estat\u00edstica","post_excerpt":"","post_status":"publish","comment_status":"closed","ping_status":"closed","post_password":"","post_name":"instituto-nacional-de-estatistica","to_ping":"","pinged":"","post_modified":"2025-08-28 15:03:33","post_modified_gmt":"2025-08-28 16:03:33","post_content_filtered":"","post_parent":0,"guid":"https:\/\/backend-ugpe.gov.cv\/ent_beneficiarias\/instituto-nacional-de-estatistica\/","menu_order":0,"post_type":"ent_beneficiarias","post_mime_type":"","comment_count":"0","filter":"raw"},{"ID":9540,"post_author":"13","post_date":"2025-08-28 15:03:33","post_date_gmt":"2025-08-28 16:03:33","post_content":"","post_title":"Instituto de Turismo de Cabo Verde","post_excerpt":"","post_status":"publish","comment_status":"closed","ping_status":"closed","post_password":"","post_name":"instituto-de-turismo-de-cabo-verde","to_ping":"","pinged":"","post_modified":"2025-08-28 15:03:33","post_modified_gmt":"2025-08-28 16:03:33","post_content_filtered":"","post_parent":0,"guid":"https:\/\/backend-ugpe.gov.cv\/ent_beneficiarias\/instituto-de-turismo-de-cabo-verde\/","menu_order":0,"post_type":"ent_beneficiarias","post_mime_type":"","comment_count":"0","filter":"raw"},{"ID":9541,"post_author":"13","post_date":"2025-08-28 15:03:33","post_date_gmt":"2025-08-28 16:03:33","post_content":"","post_title":"Instituto do Mar","post_excerpt":"","post_status":"publish","comment_status":"closed","ping_status":"closed","post_password":"","post_name":"instituto-do-mar","to_ping":"","pinged":"","post_modified":"2025-08-28 15:03:33","post_modified_gmt":"2025-08-28 16:03:33","post_content_filtered":"","post_parent":0,"guid":"https:\/\/backend-ugpe.gov.cv\/ent_beneficiarias\/instituto-do-mar\/","menu_order":0,"post_type":"ent_beneficiarias","post_mime_type":"","comment_count":"0","filter":"raw"},{"ID":9542,"post_author":"13","post_date":"2025-08-28 15:03:33","post_date_gmt":"2025-08-28 16:03:33","post_content":"","post_title":"ENAPOR","post_excerpt":"","post_status":"publish","comment_status":"closed","ping_status":"closed","post_password":"","post_name":"enapor","to_ping":"","pinged":"","post_modified":"2025-08-28 15:03:33","post_modified_gmt":"2025-08-28 16:03:33","post_content_filtered":"","post_parent":0,"guid":"https:\/\/backend-ugpe.gov.cv\/ent_beneficiarias\/enapor\/","menu_order":0,"post_type":"ent_beneficiarias","post_mime_type":"","comment_count":"0","filter":"raw"},{"ID":9543,"post_author":"13","post_date":"2025-08-28 15:03:33","post_date_gmt":"2025-08-28 16:03:33","post_content":"","post_title":"Escola do Mar","post_excerpt":"","post_status":"publish","comment_status":"closed","ping_status":"closed","post_password":"","post_name":"escola-do-mar","to_ping":"","pinged":"","post_modified":"2025-08-28 15:03:33","post_modified_gmt":"2025-08-28 16:03:33","post_content_filtered":"","post_parent":0,"guid":"https:\/\/backend-ugpe.gov.cv\/ent_beneficiarias\/escola-do-mar\/","menu_order":0,"post_type":"ent_beneficiarias","post_mime_type":"","comment_count":"0","filter":"raw"},{"ID":9544,"post_author":"13","post_date":"2025-08-28 15:03:33","post_date_gmt":"2025-08-28 16:03:33","post_content":"","post_title":"Universidade Tecnica o Atl\u00e2ntico","post_excerpt":"","post_status":"publish","comment_status":"closed","ping_status":"closed","post_password":"","post_name":"universidade-tecnica-o-atlantico","to_ping":"","pinged":"","post_modified":"2025-08-28 15:03:33","post_modified_gmt":"2025-08-28 16:03:33","post_content_filtered":"","post_parent":0,"guid":"https:\/\/backend-ugpe.gov.cv\/ent_beneficiarias\/universidade-tecnica-o-atlantico\/","menu_order":0,"post_type":"ent_beneficiarias","post_mime_type":"","comment_count":"0","filter":"raw"},{"ID":9545,"post_author":"13","post_date":"2025-08-28 15:03:33","post_date_gmt":"2025-08-28 16:03:33","post_content":"","post_title":"Infraestrutura de Cabo Verde","post_excerpt":"","post_status":"publish","comment_status":"closed","ping_status":"closed","post_password":"","post_name":"infraestrutura-de-cabo-verde","to_ping":"","pinged":"","post_modified":"2025-08-28 15:03:33","post_modified_gmt":"2025-08-28 16:03:33","post_content_filtered":"","post_parent":0,"guid":"https:\/\/backend-ugpe.gov.cv\/ent_beneficiarias\/infraestrutura-de-cabo-verde\/","menu_order":0,"post_type":"ent_beneficiarias","post_mime_type":"","comment_count":"0","filter":"raw"},{"ID":9530,"post_author":"13","post_date":"2025-08-28 12:04:02","post_date_gmt":"2025-08-28 13:04:02","post_content":"","post_title":"Estradas de Cabo Verde","post_excerpt":"","post_status":"publish","comment_status":"closed","ping_status":"closed","post_password":"","post_name":"estradas-de-cabo-verde","to_ping":"","pinged":"","post_modified":"2025-08-28 12:04:02","post_modified_gmt":"2025-08-28 13:04:02","post_content_filtered":"","post_parent":0,"guid":"https:\/\/backend-ugpe.gov.cv\/ent_beneficiarias\/estradas-de-cabo-verde\/","menu_order":0,"post_type":"ent_beneficiarias","post_mime_type":"","comment_count":"0","filter":"raw"},{"ID":9546,"post_author":"13","post_date":"2025-08-28 15:03:33","post_date_gmt":"2025-08-28 16:03:33","post_content":"","post_title":"Instituto Nacional de Gest\u00e3o de Territ\u00f3rio","post_excerpt":"","post_status":"publish","comment_status":"closed","ping_status":"closed","post_password":"","post_name":"instituto-nacional-de-gestao-de-territorio","to_ping":"","pinged":"","post_modified":"2025-08-28 15:03:33","post_modified_gmt":"2025-08-28 16:03:33","post_content_filtered":"","post_parent":0,"guid":"https:\/\/backend-ugpe.gov.cv\/ent_beneficiarias\/instituto-nacional-de-gestao-de-territorio\/","menu_order":0,"post_type":"ent_beneficiarias","post_mime_type":"","comment_count":"0","filter":"raw"},{"ID":9547,"post_author":"13","post_date":"2025-08-28 15:03:33","post_date_gmt":"2025-08-28 16:03:33","post_content":"","post_title":"Instituto de Patrim\u00f3nio de Cabo Verde","post_excerpt":"","post_status":"publish","comment_status":"closed","ping_status":"closed","post_password":"","post_name":"instituto-de-patrimonio-de-cabo-verde","to_ping":"","pinged":"","post_modified":"2025-08-28 15:03:33","post_modified_gmt":"2025-08-28 16:03:33","post_content_filtered":"","post_parent":0,"guid":"https:\/\/backend-ugpe.gov.cv\/ent_beneficiarias\/instituto-de-patrimonio-de-cabo-verde\/","menu_order":0,"post_type":"ent_beneficiarias","post_mime_type":"","comment_count":"0","filter":"raw"},{"ID":9548,"post_author":"13","post_date":"2025-08-28 15:03:33","post_date_gmt":"2025-08-28 16:03:33","post_content":"","post_title":"Instituto Cabo-verdiano para a Igualdade e Equidade de G\u00e9nero","post_excerpt":"","post_status":"publish","comment_status":"closed","ping_status":"closed","post_password":"","post_name":"instituto-cabo-verdiano-para-a-igualdade-e-equidade-de-genero","to_ping":"","pinged":"","post_modified":"2025-08-28 15:03:33","post_modified_gmt":"2025-08-28 16:03:33","post_content_filtered":"","post_parent":0,"guid":"https:\/\/backend-ugpe.gov.cv\/ent_beneficiarias\/instituto-cabo-verdiano-para-a-igualdade-e-equidade-de-genero\/","menu_order":0,"post_type":"ent_beneficiarias","post_mime_type":"","comment_count":"0","filter":"raw"},{"ID":9549,"post_author":"13","post_date":"2025-08-28 15:03:33","post_date_gmt":"2025-08-28 16:03:33","post_content":"","post_title":"C\u00e2maras Municipais em Santo Ant\u00e3o, S\u00e3o Vicente, S. Nicolau, Sal e Santiago","post_excerpt":"","post_status":"publish","comment_status":"closed","ping_status":"closed","post_password":"","post_name":"camaras-municipais-em-santo-antao-sao-vicente-s-nicolau-sal-e-santiago","to_ping":"","pinged":"","post_modified":"2025-08-28 15:03:33","post_modified_gmt":"2025-08-28 16:03:33","post_content_filtered":"","post_parent":0,"guid":"https:\/\/backend-ugpe.gov.cv\/ent_beneficiarias\/camaras-municipais-em-santo-antao-sao-vicente-s-nicolau-sal-e-santiago\/","menu_order":0,"post_type":"ent_beneficiarias","post_mime_type":"","comment_count":"0","filter":"raw"},{"ID":9512,"post_author":"13","post_date":"2025-08-26 09:28:11","post_date_gmt":"2025-08-26 10:28:11","post_content":"","post_title":"PR\u00d3 EMPRESA","post_excerpt":"","post_status":"publish","comment_status":"closed","ping_status":"closed","post_password":"","post_name":"pro-empresa-2","to_ping":"","pinged":"","post_modified":"2025-08-26 09:28:11","post_modified_gmt":"2025-08-26 10:28:11","post_content_filtered":"","post_parent":0,"guid":"https:\/\/backend-ugpe.gov.cv\/ent_beneficiarias\/pro-empresa-2\/","menu_order":0,"post_type":"ent_beneficiarias","post_mime_type":"","comment_count":"0","filter":"raw"},{"ID":9513,"post_author":"13","post_date":"2025-08-26 09:28:11","post_date_gmt":"2025-08-26 10:28:11","post_content":"","post_title":"PR\u00d3 CAPITAL","post_excerpt":"","post_status":"publish","comment_status":"closed","ping_status":"closed","post_password":"","post_name":"pro-capital","to_ping":"","pinged":"","post_modified":"2025-08-26 09:28:11","post_modified_gmt":"2025-08-26 10:28:11","post_content_filtered":"","post_parent":0,"guid":"https:\/\/backend-ugpe.gov.cv\/ent_beneficiarias\/pro-capital\/","menu_order":0,"post_type":"ent_beneficiarias","post_mime_type":"","comment_count":"0","filter":"raw"},{"ID":9511,"post_author":"13","post_date":"2025-08-26 09:28:11","post_date_gmt":"2025-08-26 10:28:11","post_content":"","post_title":"PR\u00d3 GARANTE","post_excerpt":"","post_status":"publish","comment_status":"closed","ping_status":"closed","post_password":"","post_name":"pro-garante","to_ping":"","pinged":"","post_modified":"2025-08-26 09:28:11","post_modified_gmt":"2025-08-26 10:28:11","post_content_filtered":"","post_parent":0,"guid":"https:\/\/backend-ugpe.gov.cv\/ent_beneficiarias\/pro-garante\/","menu_order":0,"post_type":"ent_beneficiarias","post_mime_type":"","comment_count":"0","filter":"raw"}],"gestor_do_projeto":{"ID":2575,"post_author":"13","post_date":"2022-01-28 11:21:45","post_date_gmt":"2022-01-28 12:21:45","post_content":"","post_title":"Special Projects Management Unit","post_excerpt":"","post_status":"publish","comment_status":"closed","ping_status":"closed","post_password":"","post_name":"ugpe","to_ping":"","pinged":"","post_modified":"2022-03-24 10:54:09","post_modified_gmt":"2022-03-24 11:54:09","post_content_filtered":"","post_parent":0,"guid":"https:\/\/backend-ugpe.gov.cv\/?post_type=gestor_de_projeto&#038;p=2575","menu_order":0,"post_type":"gestor_de_projeto","post_mime_type":"","comment_count":"0","filter":"raw","post_title_ml":"[:pt]Unidade de Gest\u00e3o de Projetos Especiais[:en]Special Projects Management Unit[:]","post_title_langs":{"pt":true,"en":true}},"data_de_entrada_em_vigor":"09\/05\/2023","data_de_encerramento":"30\/06\/2027","estado":"Em Curso","moeda":"USD","valor_inicial_moeda_estrangeira":"35000000","valor_adicional_moeda_estrangeira":"40000000","valor_total_moeda_estrangeira":"75000000","valor_inicial":"3500000000","valor_adicional":"4000000000","valor_total":"7500000000","objetivo":"The Resilient Tourism and Blue Economy Development project in Cabo Verde aims to increase diversity and resilience in the tourism offer and the participation of SMEs in tourism-related value chains in specific destinations.","descricao":"The Republic of Cabo Verde has negotiated a financial package with the World Bank Group in the amount of US$35 (thirty-five) million, of which US$30 (thirty) million is an IDA\/World Bank International Development Association credit and US$5 (five) million is a grant from PROBLUE MDTF. \r\n\r\nThis total amount is intended to finance the Resilient Tourism and Blue Economy Development Project in Cabo Verde. \r\n\r\nThis project will support the goal of the government of Cabo Verde to promote sustainable tourism and the conservation of natural resources for the benefit of local communities through a series of integrated, cross-sectoral interventions. \r\n\r\nThe project will be implemented over the next five years. It also aims to improve the diversity of tourism sector offerings, enable greater participation of local communities in tourism-related value chains, and support the SME sector and women-led businesses to provide sustainable services for tourism. \r\n\r\nThe expected results include longer stays, increased tourist spending, increased domestic benefits from tourism, and increased visitor satisfaction with the quality and diversity of the products offered.\r\n\r\nIt also aims to improve the diversity of tourism sector offerings, enable greater participation of local communities in tourism-related value chains, and support the SME sector and women-led businesses to provide sustainable tourism services. \r\n\r\nExpected outcomes include longer stays, increased tourism spending, increased domestic benefits from tourism, and increased visitor satisfaction with the quality diversity of products offered.","imagem":{"ID":2728,"id":2728,"title":"\u00edcone projetos","filename":"icone-projetos.png","filesize":50068,"url":"https:\/\/backend-ugpe.gov.cv\/wp-content\/uploads\/2022\/02\/icone-projetos.png","link":"https:\/\/backend-ugpe.gov.cv\/en\/projetos\/projeto-capital-humano\/icone-projetos\/","alt":"\u00edcone imagem projeto","author":"13","description":"\u00edcone projetos","caption":"\u00edcone projetos","name":"icone-projetos","status":"inherit","uploaded_to":2675,"date":"2022-02-28 10:59:27","modified":"2022-02-28 10:59:51","menu_order":0,"mime_type":"image\/png","type":"image","subtype":"png","icon":"https:\/\/backend-ugpe.gov.cv\/wp-includes\/images\/media\/default.png","width":844,"height":672,"sizes":{"thumbnail":"https:\/\/backend-ugpe.gov.cv\/wp-content\/uploads\/2022\/02\/icone-projetos-150x150.png","thumbnail-width":150,"thumbnail-height":150,"medium":"https:\/\/backend-ugpe.gov.cv\/wp-content\/uploads\/2022\/02\/icone-projetos-300x239.png","medium-width":300,"medium-height":239,"medium_large":"https:\/\/backend-ugpe.gov.cv\/wp-content\/uploads\/2022\/02\/icone-projetos-768x611.png","medium_large-width":768,"medium_large-height":611,"large":"https:\/\/backend-ugpe.gov.cv\/wp-content\/uploads\/2022\/02\/icone-projetos.png","large-width":844,"large-height":672,"1536x1536":"https:\/\/backend-ugpe.gov.cv\/wp-content\/uploads\/2022\/02\/icone-projetos.png","1536x1536-width":844,"1536x1536-height":672,"2048x2048":"https:\/\/backend-ugpe.gov.cv\/wp-content\/uploads\/2022\/02\/icone-projetos.png","2048x2048-width":844,"2048x2048-height":672}},"componentes":[{"titulo_do_componente":"Component 1: Developing integrated and resilient tourism and blue economy infrastructure","objetivo":"This component aims to remodel infrastructure in order to broaden the tourist offer","moeda_componente":"USD","valor_moeda_estrangeira_componente":"55280000","valor":"5528000000","beneficiarios_componentes":false,"subcomponente":false,"indicador":[{"titulo_do_indicador":"Percentage of local tourism and other beneficiaries of the ocean economy value chain satisfied with the project interventions","unidade_de_medida":"Percentage","baseline":"0.00","end_target":"65.00","subindicador":false},{"titulo_do_indicador":"Infrastructure rehabilitated, improved or established integrating sustainable practices","unidade_de_medida":"Number","baseline":"00.00","end_target":"8.00","subindicador":false},{"titulo_do_indicador":"Rehabilitated Roads","unidade_de_medida":"CRI, Kilometers","baseline":"0.00","end_target":"8.00","subindicador":false},{"titulo_do_indicador":"Share of fish from fisheries under improved management, landed or handled according to improved practices at project supported sites","unidade_de_medida":"Percentage","baseline":"0.00","end_target":"80.00","subindicador":false}]},{"titulo_do_componente":"Component 2: Improving inclusive and sustainable management of tourism in the blue economy","objetivo":"This component aims to support local Small and Medium Enterprises in order to increase their participation","moeda_componente":"USD","valor_moeda_estrangeira_componente":"18340000","valor":"1834000000","beneficiarios_componentes":false,"subcomponente":false,"indicador":[{"titulo_do_indicador":"SMEs with better access to project-supported financing","unidade_de_medida":"Number","baseline":"0.00","end_target":"150.00","subindicador":[{"titulo":"of which benefit women or have women owners\/managers","unidade_de_medida":"number","baseline":"0.00","end_target":"50.00"}]},{"titulo_do_indicador":"Beneficiary SMEs adopting climate-smart practices","unidade_de_medida":"Percentage","baseline":"0.00","end_target":"15.00","subindicador":[{"titulo":"of which benefit women or are owned\/managed by women","unidade_de_medida":"Percentage","baseline":"0.00","end_target":"35.00"}]},{"titulo_do_indicador":"Policies or legal instruments integrating blue economy principles and climate change adaptation measures drafted and submitted to the Office","unidade_de_medida":"Number","baseline":"0.00","end_target":"8.00","subindicador":false},{"titulo_do_indicador":"The Action Plan for Gender Mainstreaming in Tourism is updated and adopted, including the GBV standard guidelines","unidade_de_medida":"yes\/no","baseline":"no","end_target":"yes","subindicador":false}]},{"titulo_do_componente":"Component 3: Project Management","objetivo":"This component aims to provide support for project management and implementation","moeda_componente":"USD","valor_moeda_estrangeira_componente":"1380000","valor":"138000000","beneficiarios_componentes":false,"subcomponente":false,"indicador":false}],"grupos_de_indicadores":[{"titulo_do_grupo":"Diversify the tourist offer","indicador":[{"titulo_do_indicador":"Increase in average daily spending by tourists on destination islands","unidade_de_medida":"Percentage","baseline":"0.00","end_target":"15.00","subindicador":false},{"titulo_do_indicador":"Increase in total tourist overnight stays on destination islands","unidade_de_medida":"Percentagem","baseline":"0.00","end_target":"20.00","subindicador":false}]},{"titulo_do_grupo":"Increase the participation of SMEs in tourism-related value chains","indicador":[{"titulo_do_indicador":"beneficiary SMEs with new or extended contracts in the hospital value chain","unidade_de_medida":"Percentage","baseline":"0.00","end_target":"60.00","subindicador":false}]},{"titulo_do_grupo":"Increasing the resilience of the tourism and blue economy sectors","indicador":[{"titulo_do_indicador":"Rehabilitated, improved or established infrastructure integrating climate resilience practices","unidade_de_medida":"Number","baseline":"0.00","end_target":"8.00","subindicador":false}]}],"documentos":[{"titulo":"Stakeholder Engagement Plan","referencia":"P176981","ficheiro":{"ID":2877,"id":2877,"title":"Stakeholder Engagement Plan (SEP) final","filename":"Stakeholder-Engagement-Plan-SEP-final.pdf","filesize":2380396,"url":"https:\/\/backend-ugpe.gov.cv\/wp-content\/uploads\/2022\/03\/Stakeholder-Engagement-Plan-SEP-final.pdf","link":"https:\/\/backend-ugpe.gov.cv\/en\/projetos\/reforco-da-sustentabilidade-resiliencia-e-diversificacao-do-sector-do-turismo-em-cabo-verde\/stakeholder-engagement-plan-sep-final\/","alt":"","author":"13","description":"Plano de Desenvolvimento Projecto para o refor\u00e7o da sustentabilidade, resili\u00eancia e diversifica\u00e7\u00e3o do sector do turismo em Cabo Verde","caption":"Plano de Desenvolvimento Projecto para o refor\u00e7o da sustentabilidade, resili\u00eancia e diversifica\u00e7\u00e3o do sector do turismo em Cabo Verde","name":"stakeholder-engagement-plan-sep-final","status":"inherit","uploaded_to":2875,"date":"2022-03-23 17:09:48","modified":"2022-03-23 17:13:09","menu_order":0,"mime_type":"application\/pdf","type":"application","subtype":"pdf","icon":"https:\/\/backend-ugpe.gov.cv\/wp-includes\/images\/media\/document.png"},"icone":false,"tipo_documento":["Plano"]},{"titulo":"Environmental and Social Commitment Plan  (ESCP)","referencia":"P176981","ficheiro":{"ID":4465,"id":4465,"title":"P179274_ Additional Financing Environmental and Social Commitment Plan (ESCP)_NEGOTIATED final","filename":"P179274_-Additional-Financing-Environmental-and-Social-Commitment-Plan-ESCP_NEGOTIATED-final.pdf","filesize":895873,"url":"https:\/\/backend-ugpe.gov.cv\/wp-content\/uploads\/2022\/03\/P179274_-Additional-Financing-Environmental-and-Social-Commitment-Plan-ESCP_NEGOTIATED-final.pdf","link":"https:\/\/backend-ugpe.gov.cv\/en\/projetos\/reforco-da-sustentabilidade-resiliencia-e-diversificacao-do-sector-do-turismo-em-cabo-verde\/p179274_-additional-financing-environmental-and-social-commitment-plan-escp_negotiated-final\/","alt":"","author":"13","description":"P179274_ Additional Financing Environmental and Social Commitment Plan (ESCP)_NEGOTIATED final","caption":"P179274_ Additional Financing Environmental and Social Commitment Plan (ESCP)_NEGOTIATED final","name":"p179274_-additional-financing-environmental-and-social-commitment-plan-escp_negotiated-final","status":"inherit","uploaded_to":2875,"date":"2023-02-17 11:02:21","modified":"2023-02-17 11:02:30","menu_order":0,"mime_type":"application\/pdf","type":"application","subtype":"pdf","icon":"https:\/\/backend-ugpe.gov.cv\/wp-includes\/images\/media\/document.png"},"icone":false,"tipo_documento":["Plano"]},{"titulo":"Environmental and Social Management Board","referencia":"P176981","ficheiro":{"ID":2945,"id":2945,"title":"P176981 ESMF clean F.cleaned","filename":"P176981-ESMF-clean-F.cleaned.pdf","filesize":10171773,"url":"https:\/\/backend-ugpe.gov.cv\/wp-content\/uploads\/2022\/03\/P176981-ESMF-clean-F.cleaned.pdf","link":"https:\/\/backend-ugpe.gov.cv\/en\/projetos\/reforco-da-sustentabilidade-resiliencia-e-diversificacao-do-sector-do-turismo-em-cabo-verde\/p176981-esmf-clean-f-cleaned\/","alt":"","author":"13","description":"Quadro de Gest\u00e3o Ambiental e Social P176981","caption":"Quadro de Gest\u00e3o Ambiental e Social P176981","name":"p176981-esmf-clean-f-cleaned","status":"inherit","uploaded_to":2875,"date":"2022-03-31 15:12:34","modified":"2022-03-31 15:13:24","menu_order":0,"mime_type":"application\/pdf","type":"application","subtype":"pdf","icon":"https:\/\/backend-ugpe.gov.cv\/wp-includes\/images\/media\/document.png"},"icone":false,"tipo_documento":["Quadro"]},{"titulo":"Environmental and Social Management Plan Rehabilitation and Improvement of Espargos\/Santa Maria Road Avenida dos Hot\u00e9is Road","referencia":"P176981","ficheiro":{"ID":3033,"id":3033,"title":"ECV PGES Estradas Espargos-Santa Maria 18032022_12.04.22_limpo","filename":"ECV-PGES-Estradas-Espargos-Santa-Maria-18032022_12.04.22_limpo.pdf","filesize":5859159,"url":"https:\/\/backend-ugpe.gov.cv\/wp-content\/uploads\/2022\/04\/ECV-PGES-Estradas-Espargos-Santa-Maria-18032022_12.04.22_limpo.pdf","link":"https:\/\/backend-ugpe.gov.cv\/en\/projetos\/reforco-da-sustentabilidade-resiliencia-e-diversificacao-do-sector-do-turismo-em-cabo-verde\/ecv-pges-estradas-espargos-santa-maria-18032022_12-04-22_limpo\/","alt":"","author":"13","description":"ECV PGES Estradas Espargos-Santa Maria 18032022_12.04.22_limpo","caption":"ECV PGES Estradas Espargos-Santa Maria 18032022_12.04.22_limpo","name":"ecv-pges-estradas-espargos-santa-maria-18032022_12-04-22_limpo","status":"inherit","uploaded_to":2875,"date":"2022-04-14 12:34:58","modified":"2022-05-06 16:00:32","menu_order":0,"mime_type":"application\/pdf","type":"application","subtype":"pdf","icon":"https:\/\/backend-ugpe.gov.cv\/wp-includes\/images\/media\/document.png"},"icone":false,"tipo_documento":["Plano"]},{"titulo":"Resettlement Policy Framework (RSPF) \"Islands of Santo Ant\u00e3o, S\u00e3o Vicente, Sal and Santiago","referencia":"P176981","ficheiro":{"ID":3068,"id":3068,"title":"P176981 RPF Clean 05 05 22","filename":"P176981-RPF-Clean-05-05-22.pdf","filesize":9052573,"url":"https:\/\/backend-ugpe.gov.cv\/wp-content\/uploads\/2022\/03\/P176981-RPF-Clean-05-05-22.pdf","link":"https:\/\/backend-ugpe.gov.cv\/en\/projetos\/reforco-da-sustentabilidade-resiliencia-e-diversificacao-do-sector-do-turismo-em-cabo-verde\/p176981-rpf-clean-05-05-22\/","alt":"","author":"13","description":"P176981 RPF Clean 05 05 22","caption":"P176981 RPF Clean 05 05 22","name":"p176981-rpf-clean-05-05-22","status":"inherit","uploaded_to":2875,"date":"2022-05-06 17:24:40","modified":"2022-05-06 17:24:49","menu_order":0,"mime_type":"application\/pdf","type":"application","subtype":"pdf","icon":"https:\/\/backend-ugpe.gov.cv\/wp-includes\/images\/media\/document.png"},"icone":false,"tipo_documento":["Quadro"]},{"titulo":"Biodiversity Management Plan for the trail rehabilitation sub-project in Santo Ant\u00e3o","referencia":"P176981","ficheiro":{"ID":5751,"id":5751,"title":"Plano de Gest\u00e3o da Biodiversidade_trilhas SA-TRDEA","filename":"Plano-de-Gestao-da-Biodiversidade_trilhas-SA-TRDEA.pdf","filesize":17561231,"url":"https:\/\/backend-ugpe.gov.cv\/wp-content\/uploads\/2022\/03\/Plano-de-Gestao-da-Biodiversidade_trilhas-SA-TRDEA.pdf","link":"https:\/\/backend-ugpe.gov.cv\/en\/projetos\/reforco-da-sustentabilidade-resiliencia-e-diversificacao-do-sector-do-turismo-em-cabo-verde\/plano-de-gestao-da-biodiversidade_trilhas-sa-trdea\/","alt":"","author":"13","description":"Plano de Gest\u00e3o da Biodiversidade_trilhas SA-TRDEA","caption":"Plano de Gest\u00e3o da Biodiversidade_trilhas SA-TRDEA","name":"plano-de-gestao-da-biodiversidade_trilhas-sa-trdea","status":"inherit","uploaded_to":2875,"date":"2023-09-13 15:42:08","modified":"2023-09-13 15:42:16","menu_order":0,"mime_type":"application\/pdf","type":"application","subtype":"pdf","icon":"https:\/\/backend-ugpe.gov.cv\/wp-includes\/images\/media\/document.png"},"icone":false,"tipo_documento":["Plano"]},{"titulo":"Environmental and Social Impact Assessment (ESIA) and Environmental and Social Management Plan (ESMP)","referencia":"P176981","ficheiro":{"ID":6346,"id":6346,"title":"EIAS e PGAS do SubProj. de reabilita\u00e7\u00e3o de trilhas SA","filename":"EIAS-e-PGAS-do-SubProj.-de-reabilitacao-de-trilhas-SA.pdf","filesize":9597524,"url":"https:\/\/backend-ugpe.gov.cv\/wp-content\/uploads\/2024\/01\/EIAS-e-PGAS-do-SubProj.-de-reabilitacao-de-trilhas-SA.pdf","link":"https:\/\/backend-ugpe.gov.cv\/en\/projetos\/reforco-da-sustentabilidade-resiliencia-e-diversificacao-do-sector-do-turismo-em-cabo-verde\/eias-e-pgas-do-subproj-de-reabilitacao-de-trilhas-sa\/","alt":"","author":"13","description":"EIAS e PGAS do SubProj. de reabilita\u00e7\u00e3o de trilhas SA","caption":"EIAS e PGAS do SubProj. de reabilita\u00e7\u00e3o de trilhas SA","name":"eias-e-pgas-do-subproj-de-reabilitacao-de-trilhas-sa","status":"inherit","uploaded_to":2875,"date":"2024-01-05 16:43:39","modified":"2024-01-30 10:45:55","menu_order":0,"mime_type":"application\/pdf","type":"application","subtype":"pdf","icon":"https:\/\/backend-ugpe.gov.cv\/wp-includes\/images\/media\/document.png"},"icone":false,"tipo_documento":["Estudo"]},{"titulo":"Environmental and Social Management Plan (ESMP) for the rehabilitation work at the 7 Sois 7 Luas Cultural Center","referencia":"P176981","ficheiro":{"ID":6613,"id":6613,"title":"PGAS 7sois7luas_Santo Ant\u00e3o","filename":"PGAS-7sois7luas_Santo-Antao.pdf","filesize":3361894,"url":"https:\/\/backend-ugpe.gov.cv\/wp-content\/uploads\/2022\/03\/PGAS-7sois7luas_Santo-Antao.pdf","link":"https:\/\/backend-ugpe.gov.cv\/en\/projetos\/reforco-da-sustentabilidade-resiliencia-e-diversificacao-do-sector-do-turismo-em-cabo-verde\/pgas-7sois7luas_santo-antao\/","alt":"","author":"13","description":"PGAS 7sois7luas_Santo Ant\u00e3o","caption":"PGAS 7sois7luas_Santo Ant\u00e3o","name":"pgas-7sois7luas_santo-antao","status":"inherit","uploaded_to":2875,"date":"2024-01-30 10:40:44","modified":"2024-01-30 10:42:07","menu_order":0,"mime_type":"application\/pdf","type":"application","subtype":"pdf","icon":"https:\/\/backend-ugpe.gov.cv\/wp-includes\/images\/media\/document.png"},"icone":false,"tipo_documento":["Plano"]},{"titulo":"Stakeholder Engagement Plan (PEPI) Updated - Second Additional Financing","referencia":"P176981","ficheiro":{"ID":6740,"id":6740,"title":"PEPI_Fnal_AF_Projecto TRDEA","filename":"PEPI_Fnal_AF_Projecto-TRDEA.pdf","filesize":11096891,"url":"https:\/\/backend-ugpe.gov.cv\/wp-content\/uploads\/2022\/03\/PEPI_Fnal_AF_Projecto-TRDEA.pdf","link":"https:\/\/backend-ugpe.gov.cv\/en\/projetos\/reforco-da-sustentabilidade-resiliencia-e-diversificacao-do-sector-do-turismo-em-cabo-verde\/pepi_fnal_af_projecto-trdea\/","alt":"","author":"13","description":"PEPI_Fnal_AF_Projecto TR","caption":"PEPI_Fnal_AF_Projecto TR","name":"pepi_fnal_af_projecto-trdea","status":"inherit","uploaded_to":2875,"date":"2024-02-15 10:46:27","modified":"2024-02-15 10:46:43","menu_order":0,"mime_type":"application\/pdf","type":"application","subtype":"pdf","icon":"https:\/\/backend-ugpe.gov.cv\/wp-includes\/images\/media\/document.png"},"icone":false,"tipo_documento":["Plano"]},{"titulo":"Environmental and Social Management Framework (ESMF)  Updated - Second Additional Financing","referencia":"P176981","ficheiro":{"ID":6741,"id":6741,"title":"QGAS_Fnal_Clean_AF_projecto TRDEA","filename":"QGAS_Fnal_Clean_AF_projecto-TRDEA.pdf","filesize":10254794,"url":"https:\/\/backend-ugpe.gov.cv\/wp-content\/uploads\/2022\/03\/QGAS_Fnal_Clean_AF_projecto-TRDEA.pdf","link":"https:\/\/backend-ugpe.gov.cv\/en\/projetos\/reforco-da-sustentabilidade-resiliencia-e-diversificacao-do-sector-do-turismo-em-cabo-verde\/qgas_fnal_clean_af_projecto-trdea\/","alt":"","author":"13","description":"QGAS_Fnal_Clean_AF_projecto TRDEA","caption":"QGAS_Fnal_Clean_AF_projecto TRDEA","name":"qgas_fnal_clean_af_projecto-trdea","status":"inherit","uploaded_to":2875,"date":"2024-02-15 10:52:56","modified":"2024-02-15 10:53:09","menu_order":0,"mime_type":"application\/pdf","type":"application","subtype":"pdf","icon":"https:\/\/backend-ugpe.gov.cv\/wp-includes\/images\/media\/document.png"},"icone":false,"tipo_documento":["Quadro"]},{"titulo":"Resettlement Policy Framework (RPF) Updated - Second Additional Financing","referencia":"P176981","ficheiro":{"ID":6742,"id":6742,"title":"QPR_Final_AF_projeto TRDEA","filename":"QPR_Final_AF_projeto-TRDEA.pdf","filesize":4061866,"url":"https:\/\/backend-ugpe.gov.cv\/wp-content\/uploads\/2022\/03\/QPR_Final_AF_projeto-TRDEA.pdf","link":"https:\/\/backend-ugpe.gov.cv\/en\/projetos\/reforco-da-sustentabilidade-resiliencia-e-diversificacao-do-sector-do-turismo-em-cabo-verde\/qpr_final_af_projeto-trdea\/","alt":"","author":"13","description":"QPR_Final_AF_projeto TRDEA","caption":"QPR_Final_AF_projeto TRDEA","name":"qpr_final_af_projeto-trdea","status":"inherit","uploaded_to":2875,"date":"2024-02-15 10:58:21","modified":"2024-02-15 10:58:32","menu_order":0,"mime_type":"application\/pdf","type":"application","subtype":"pdf","icon":"https:\/\/backend-ugpe.gov.cv\/wp-includes\/images\/media\/document.png"},"icone":false,"tipo_documento":["Quadro"]},{"titulo":"Environmental and Social Impact Assessment of the Cidade Velha Environmental and Urban Redevelopment Project","referencia":"P176981","ficheiro":{"ID":7951,"id":7951,"title":"EIAS_Requalifi\u00e7\u00e3o Urbana Cidade Velha","filename":"EIAS_Requalificao-Urbana-Cidade-Velha.pdf","filesize":28542112,"url":"https:\/\/backend-ugpe.gov.cv\/wp-content\/uploads\/2022\/03\/EIAS_Requalificao-Urbana-Cidade-Velha.pdf","link":"https:\/\/backend-ugpe.gov.cv\/en\/projetos\/reforco-da-sustentabilidade-resiliencia-e-diversificacao-do-sector-do-turismo-em-cabo-verde\/eias_requalificao-urbana-cidade-velha\/","alt":"","author":"13","description":"EIAS_Requalifi\u00e7\u00e3o Urbana Cidade Velha","caption":"EIAS_Requalifi\u00e7\u00e3o Urbana Cidade Velha","name":"eias_requalificao-urbana-cidade-velha","status":"inherit","uploaded_to":2875,"date":"2024-08-01 14:08:44","modified":"2024-08-01 14:08:52","menu_order":0,"mime_type":"application\/pdf","type":"application","subtype":"pdf","icon":"https:\/\/backend-ugpe.gov.cv\/wp-includes\/images\/media\/document.png"},"icone":false,"tipo_documento":["Estudo de Impacte"]},{"titulo":"Environmental and Social Management Plan-Requalification of Cidade Velha and Miradouro Road","referencia":"P176981","ficheiro":{"ID":7952,"id":7952,"title":"Anexo II_PGAS-Estrada Cidade Velha_Miradouro","filename":"Anexo-II_PGAS-Estrada-Cidade-Velha_Miradouro.pdf","filesize":4300059,"url":"https:\/\/backend-ugpe.gov.cv\/wp-content\/uploads\/2022\/03\/Anexo-II_PGAS-Estrada-Cidade-Velha_Miradouro.pdf","link":"https:\/\/backend-ugpe.gov.cv\/en\/projetos\/reforco-da-sustentabilidade-resiliencia-e-diversificacao-do-sector-do-turismo-em-cabo-verde\/anexo-ii_pgas-estrada-cidade-velha_miradouro\/","alt":"","author":"13","description":"Anexo II_PGAS-Estrada Cidade Velha_Miradouro","caption":"Anexo II_PGAS-Estrada Cidade Velha_Miradouro","name":"anexo-ii_pgas-estrada-cidade-velha_miradouro","status":"inherit","uploaded_to":2875,"date":"2024-08-01 14:11:08","modified":"2024-08-01 14:11:17","menu_order":0,"mime_type":"application\/pdf","type":"application","subtype":"pdf","icon":"https:\/\/backend-ugpe.gov.cv\/wp-includes\/images\/media\/document.png"},"icone":false,"tipo_documento":["Plano"]},{"titulo":"Environmental and Social Management Plan-Requalification of S\u00e9 Miseric\u00f3rdia","referencia":"P176981","ficheiro":{"ID":7953,"id":7953,"title":"Anexo III_PGAS_S\u00e9 Misericordia","filename":"Anexo-III_PGAS_Se-Misericordia.pdf","filesize":4335927,"url":"https:\/\/backend-ugpe.gov.cv\/wp-content\/uploads\/2022\/03\/Anexo-III_PGAS_Se-Misericordia.pdf","link":"https:\/\/backend-ugpe.gov.cv\/en\/projetos\/reforco-da-sustentabilidade-resiliencia-e-diversificacao-do-sector-do-turismo-em-cabo-verde\/anexo-iii_pgas_se-misericordia\/","alt":"","author":"13","description":"Anexo III_PGAS_S\u00e9 Misericordia","caption":"Anexo III_PGAS_S\u00e9 Misericordia","name":"anexo-iii_pgas_se-misericordia","status":"inherit","uploaded_to":2875,"date":"2024-08-01 14:13:56","modified":"2024-08-01 14:14:03","menu_order":0,"mime_type":"application\/pdf","type":"application","subtype":"pdf","icon":"https:\/\/backend-ugpe.gov.cv\/wp-includes\/images\/media\/document.png"},"icone":false,"tipo_documento":["Plano"]},{"titulo":"Environmental and Social Management Plan-Requalification of the Central Square and Pelourinho","referencia":"P176981","ficheiro":{"ID":7954,"id":7954,"title":"Anexo IV_PGAS-Pra\u00e7a Central e Pelourinho","filename":"Anexo-IV_PGAS-Praca-Central-e-Pelourinho.pdf","filesize":3482341,"url":"https:\/\/backend-ugpe.gov.cv\/wp-content\/uploads\/2022\/03\/Anexo-IV_PGAS-Praca-Central-e-Pelourinho.pdf","link":"https:\/\/backend-ugpe.gov.cv\/en\/projetos\/reforco-da-sustentabilidade-resiliencia-e-diversificacao-do-sector-do-turismo-em-cabo-verde\/anexo-iv_pgas-praca-central-e-pelourinho\/","alt":"","author":"13","description":"Anexo IV_PGAS-Pra\u00e7a Central e Pelourinho","caption":"Anexo IV_PGAS-Pra\u00e7a Central e Pelourinho","name":"anexo-iv_pgas-praca-central-e-pelourinho","status":"inherit","uploaded_to":2875,"date":"2024-08-01 14:16:33","modified":"2024-08-01 14:16:40","menu_order":0,"mime_type":"application\/pdf","type":"application","subtype":"pdf","icon":"https:\/\/backend-ugpe.gov.cv\/wp-includes\/images\/media\/document.png"},"icone":false,"tipo_documento":["Plano"]},{"titulo":"Environmental and Social Management Plan-Requalification of the S\u00e3o Sebasti\u00e3o Slope","referencia":"P176981","ficheiro":{"ID":7955,"id":7955,"title":"Anexo V_PGAS-Encosta de S\u00e3o Sebasti\u00e3o","filename":"Anexo-V_PGAS-Encosta-de-Sao-Sebastiao.pdf","filesize":2276939,"url":"https:\/\/backend-ugpe.gov.cv\/wp-content\/uploads\/2022\/03\/Anexo-V_PGAS-Encosta-de-Sao-Sebastiao.pdf","link":"https:\/\/backend-ugpe.gov.cv\/en\/projetos\/reforco-da-sustentabilidade-resiliencia-e-diversificacao-do-sector-do-turismo-em-cabo-verde\/anexo-v_pgas-encosta-de-sao-sebastiao\/","alt":"","author":"13","description":"Anexo V_PGAS-Encosta de S\u00e3o Sebasti\u00e3o","caption":"Anexo V_PGAS-Encosta de S\u00e3o Sebasti\u00e3o","name":"anexo-v_pgas-encosta-de-sao-sebastiao","status":"inherit","uploaded_to":2875,"date":"2024-08-01 14:18:31","modified":"2024-08-01 14:18:37","menu_order":0,"mime_type":"application\/pdf","type":"application","subtype":"pdf","icon":"https:\/\/backend-ugpe.gov.cv\/wp-includes\/images\/media\/document.png"},"icone":false,"tipo_documento":["Plano"]},{"titulo":"Environmental and Social Management Plan-Requalification of the Access to the Fortress","referencia":"P176981","ficheiro":{"ID":7956,"id":7956,"title":"Anexo VI_PGAS_Acesso \u00e0 Fortaleza","filename":"Anexo-VI_PGAS_Acesso-a-Fortaleza.pdf","filesize":3174562,"url":"https:\/\/backend-ugpe.gov.cv\/wp-content\/uploads\/2022\/03\/Anexo-VI_PGAS_Acesso-a-Fortaleza.pdf","link":"https:\/\/backend-ugpe.gov.cv\/en\/projetos\/reforco-da-sustentabilidade-resiliencia-e-diversificacao-do-sector-do-turismo-em-cabo-verde\/anexo-vi_pgas_acesso-a-fortaleza\/","alt":"","author":"13","description":"Anexo VI_PGAS_Acesso \u00e0 Fortaleza","caption":"Anexo VI_PGAS_Acesso \u00e0 Fortaleza","name":"anexo-vi_pgas_acesso-a-fortaleza","status":"inherit","uploaded_to":2875,"date":"2024-08-01 14:20:18","modified":"2024-08-01 14:20:25","menu_order":0,"mime_type":"application\/pdf","type":"application","subtype":"pdf","icon":"https:\/\/backend-ugpe.gov.cv\/wp-includes\/images\/media\/document.png"},"icone":false,"tipo_documento":["Plano"]},{"titulo":"Environmental and Social Management Plan-Requalification of the S\u00e3o Pedro Neighborhood","referencia":"P176981","ficheiro":{"ID":7957,"id":7957,"title":"Anexo VII_PGAS-Bairro S\u00e3o Pedro","filename":"Anexo-VII_PGAS-Bairro-Sao-Pedro.pdf","filesize":2649984,"url":"https:\/\/backend-ugpe.gov.cv\/wp-content\/uploads\/2022\/03\/Anexo-VII_PGAS-Bairro-Sao-Pedro.pdf","link":"https:\/\/backend-ugpe.gov.cv\/en\/projetos\/reforco-da-sustentabilidade-resiliencia-e-diversificacao-do-sector-do-turismo-em-cabo-verde\/anexo-vii_pgas-bairro-sao-pedro\/","alt":"","author":"13","description":"Anexo VII_PGAS-Bairro S\u00e3o Pedro","caption":"Anexo VII_PGAS-Bairro S\u00e3o Pedro","name":"anexo-vii_pgas-bairro-sao-pedro","status":"inherit","uploaded_to":2875,"date":"2024-08-01 14:21:50","modified":"2024-08-01 14:21:57","menu_order":0,"mime_type":"application\/pdf","type":"application","subtype":"pdf","icon":"https:\/\/backend-ugpe.gov.cv\/wp-includes\/images\/media\/document.png"},"icone":false,"tipo_documento":["Plano"]},{"titulo":"Environmental and Social Management Plan-Requalification of the Ribeira Grande valley footpath","referencia":"P176981","ficheiro":{"ID":7958,"id":7958,"title":"Anexo VIII-PGAS-Caminhos Vicinais","filename":"Anexo-VIII-PGAS-Caminhos-Vicinais.pdf","filesize":2459658,"url":"https:\/\/backend-ugpe.gov.cv\/wp-content\/uploads\/2022\/03\/Anexo-VIII-PGAS-Caminhos-Vicinais.pdf","link":"https:\/\/backend-ugpe.gov.cv\/en\/projetos\/reforco-da-sustentabilidade-resiliencia-e-diversificacao-do-sector-do-turismo-em-cabo-verde\/anexo-viii-pgas-caminhos-vicinais\/","alt":"","author":"13","description":"Anexo VIII-PGAS-Caminhos Vicinais","caption":"Anexo VIII-PGAS-Caminhos Vicinais","name":"anexo-viii-pgas-caminhos-vicinais","status":"inherit","uploaded_to":2875,"date":"2024-08-01 14:22:56","modified":"2024-08-01 14:23:04","menu_order":0,"mime_type":"application\/pdf","type":"application","subtype":"pdf","icon":"https:\/\/backend-ugpe.gov.cv\/wp-includes\/images\/media\/document.png"},"icone":false,"tipo_documento":["Plano"]},{"titulo":"Relocation plan as part of the 7 Suns 7 Moons cultural center rehabilitation sub-project","referencia":"P176981","ficheiro":{"ID":8532,"id":8532,"title":"Plano de Realoca\u00e7\u00e3o 7 sois 7 luas-Revis\u00e3oFinal - 24.06.24-clean version","filename":"Plano-de-Realocacao-7-sois-7-luas-RevisaoFinal-24.06.24-clean-version.pdf","filesize":3509157,"url":"https:\/\/backend-ugpe.gov.cv\/wp-content\/uploads\/2022\/03\/Plano-de-Realocacao-7-sois-7-luas-RevisaoFinal-24.06.24-clean-version.pdf","link":"https:\/\/backend-ugpe.gov.cv\/en\/projetos\/reforco-da-sustentabilidade-resiliencia-e-diversificacao-do-sector-do-turismo-em-cabo-verde\/plano-de-realocacao-7-sois-7-luas-revisaofinal-24-06-24-clean-version\/","alt":"","author":"13","description":"","caption":"","name":"plano-de-realocacao-7-sois-7-luas-revisaofinal-24-06-24-clean-version","status":"inherit","uploaded_to":2875,"date":"2025-01-08 14:19:11","modified":"2025-01-08 14:19:11","menu_order":0,"mime_type":"application\/pdf","type":"application","subtype":"pdf","icon":"https:\/\/backend-ugpe.gov.cv\/wp-includes\/images\/media\/document.png"},"icone":false,"tipo_documento":["Plano"]},{"titulo":"Resettlement Plan for Pont\u00e3o Santa Maria, Sal Island","referencia":"P176981","ficheiro":{"ID":9842,"id":9842,"title":"Plano de realoca\u00e7\u00e3o-Reabilita\u00e7\u00e3o do Pontao de Santa Maria","filename":"Plano-de-realocacao-Reabilitacao-do-Pontao-de-Santa-Maria.pdf","filesize":7519526,"url":"https:\/\/backend-ugpe.gov.cv\/wp-content\/uploads\/2025\/10\/Plano-de-realocacao-Reabilitacao-do-Pontao-de-Santa-Maria.pdf","link":"https:\/\/backend-ugpe.gov.cv\/en\/projetos\/reforco-da-sustentabilidade-resiliencia-e-diversificacao-do-sector-do-turismo-em-cabo-verde\/plano-de-realocacao-reabilitacao-do-pontao-de-santa-maria\/","alt":"","author":"13","description":"","caption":"","name":"plano-de-realocacao-reabilitacao-do-pontao-de-santa-maria","status":"inherit","uploaded_to":2875,"date":"2025-10-29 10:29:33","modified":"2025-12-09 10:29:20","menu_order":0,"mime_type":"application\/pdf","type":"application","subtype":"pdf","icon":"https:\/\/backend-ugpe.gov.cv\/wp-includes\/images\/media\/document.png"},"icone":false,"tipo_documento":["Plano"]},{"titulo":"Action Plan for the Resettlement of the Fish Market, the adjacent fish landing site, and the surrounding area in Mindelo","referencia":"P176981","ficheiro":{"ID":10014,"id":10014,"title":"PAR-MPM-FishMarket-MINDELO-versao aprovada BM OUTUBRO 2025 para publica\u00e7\u00e3o","filename":"PAR-MPM-FishMarket-MINDELO-versao-aprovada-BM-OUTUBRO-2025-para-publicacao.pdf","filesize":12729839,"url":"https:\/\/backend-ugpe.gov.cv\/wp-content\/uploads\/2025\/12\/PAR-MPM-FishMarket-MINDELO-versao-aprovada-BM-OUTUBRO-2025-para-publicacao.pdf","link":"https:\/\/backend-ugpe.gov.cv\/en\/projetos\/reforco-da-sustentabilidade-resiliencia-e-diversificacao-do-sector-do-turismo-em-cabo-verde\/par-mpm-fishmarket-mindelo-versao-aprovada-bm-outubro-2025-para-publicacao\/","alt":"","author":"13","description":"","caption":"","name":"par-mpm-fishmarket-mindelo-versao-aprovada-bm-outubro-2025-para-publicacao","status":"inherit","uploaded_to":2875,"date":"2025-12-09 10:25:12","modified":"2026-01-29 12:00:37","menu_order":0,"mime_type":"application\/pdf","type":"application","subtype":"pdf","icon":"https:\/\/backend-ugpe.gov.cv\/wp-includes\/images\/media\/document.png"},"icone":false,"tipo_documento":["Plano"]},{"titulo":"Environmental and Social Impact Study of the Passenger Terminal at the Port of Praia","referencia":"P176981","ficheiro":{"ID":10212,"id":10212,"title":"EIAS_Terminal Passageiros_Praia","filename":"EIAS_Terminal-Passageiros_Praia.pdf","filesize":17149314,"url":"https:\/\/backend-ugpe.gov.cv\/wp-content\/uploads\/2026\/01\/EIAS_Terminal-Passageiros_Praia.pdf","link":"https:\/\/backend-ugpe.gov.cv\/en\/eias_terminal-passageiros_praia\/","alt":"","author":"13","description":"","caption":"","name":"eias_terminal-passageiros_praia","status":"inherit","uploaded_to":0,"date":"2026-01-29 10:45:34","modified":"2026-01-29 10:45:34","menu_order":0,"mime_type":"application\/pdf","type":"application","subtype":"pdf","icon":"https:\/\/backend-ugpe.gov.cv\/wp-includes\/images\/media\/document.png"},"icone":false,"tipo_documento":["Estudo"]}],"percentagem_de_execucao":"38","area_de_intervencao_ambiental_e_social":false},"area_projeto":"Tourism","_links":{"self":[{"href":"https:\/\/backend-ugpe.gov.cv\/en\/wp-json\/wp\/v2\/projetos\/2875","targetHints":{"allow":["GET"]}}],"collection":[{"href":"https:\/\/backend-ugpe.gov.cv\/en\/wp-json\/wp\/v2\/projetos"}],"about":[{"href":"https:\/\/backend-ugpe.gov.cv\/en\/wp-json\/wp\/v2\/types\/projetos"}],"wp:attachment":[{"href":"https:\/\/backend-ugpe.gov.cv\/en\/wp-json\/wp\/v2\/media?parent=2875"}],"wp:term":[{"taxonomy":"areas_de_projeto","embeddable":true,"href":"https:\/\/backend-ugpe.gov.cv\/en\/wp-json\/wp\/v2\/areas_de_projeto?post=2875"},{"taxonomy":"estado_do_projeto","embeddable":true,"href":"https:\/\/backend-ugpe.gov.cv\/en\/wp-json\/wp\/v2\/estado_do_projeto?post=2875"}],"curies":[{"name":"wp","href":"https:\/\/api.w.org\/{rel}","templated":true}]}}