{"id":1318,"date":"2021-09-15T15:52:11","date_gmt":"2021-09-15T16:52:11","guid":{"rendered":"https:\/\/backend-ugpe.gov.cv\/?post_type=projetos&#038;p=1318"},"modified":"2024-04-12T15:16:15","modified_gmt":"2024-04-12T16:16:15","slug":"programa-de-capacitacao-atendimento-publico","status":"publish","type":"projetos","link":"https:\/\/backend-ugpe.gov.cv\/en\/projetos\/programa-de-capacitacao-atendimento-publico\/","title":{"rendered":"Social Inclusion Project"},"parent":0,"template":"","meta":{"om_disable_all_campaigns":false,"_mi_skip_tracking":false,"_monsterinsights_sitenote_active":false,"_monsterinsights_sitenote_note":"","_monsterinsights_sitenote_category":0,"site-sidebar-layout":"default","site-content-layout":"default","ast-global-header-display":"","ast-main-header-display":"","ast-hfb-above-header-display":"","ast-hfb-below-header-display":"","ast-hfb-mobile-header-display":"","site-post-title":"","ast-breadcrumbs-content":"","ast-featured-img":"","footer-sml-layout":"","theme-transparent-header-meta":"default","adv-header-id-meta":"","stick-header-meta":"","header-above-stick-meta":"","header-main-stick-meta":"","header-below-stick-meta":""},"areas_de_projeto":[14],"estado_do_projeto":[67],"class_list":["post-1318","projetos","type-projetos","status-publish","hentry","areas_de_projeto-social","estado_do_projeto-encerrado"],"acf":{"id_do_projeto":"P165267","gestor_do_projeto":{"ID":2575,"post_author":"13","post_date":"2022-01-28 11:21:45","post_date_gmt":"2022-01-28 12:21:45","post_content":"","post_title":"Special Projects Management Unit","post_excerpt":"","post_status":"publish","comment_status":"closed","ping_status":"closed","post_password":"","post_name":"ugpe","to_ping":"","pinged":"","post_modified":"2022-03-24 10:54:09","post_modified_gmt":"2022-03-24 11:54:09","post_content_filtered":"","post_parent":0,"guid":"https:\/\/backend-ugpe.gov.cv\/?post_type=gestor_de_projeto&#038;p=2575","menu_order":0,"post_type":"gestor_de_projeto","post_mime_type":"","comment_count":"0","filter":"raw","post_title_ml":"[:pt]Unidade de Gest\u00e3o de Projetos Especiais[:en]Special Projects Management Unit[:]","post_title_langs":{"pt":true,"en":true}},"data_de_entrada_em_vigor":"13\/12\/2018","data_de_encerramento":"30\/04\/2023","estado":"Encerrado","valor_total":"1940000000","valor_inicial":"970000000","valor_adicional":"970000000","percentagem_de_execucao":"100","objetivo":"The Social Inclusion project aims to support the Cabo Verdean government's efforts to build an effective social protection system that promotes social and productive inclusion by: building delivery systems for outreach, targeting and program management, and supporting the expansion of the Social Inclusion Income Program.","descricao":"This Project is part of the Government's program for a social protection system that promotes social and productive inclusion in Cabo Verde. And it is in this context that the Government of Cabo Verde has negotiated with the International Development Association (IDA) of the World Bank Group the financing for this project for a total amount of US$ 10,000,000 (ten million US dollars).","imagem":{"ID":2255,"id":2255,"title":"foto","filename":"foto.jpg","filesize":25295,"url":"https:\/\/backend-ugpe.gov.cv\/wp-content\/uploads\/2021\/09\/foto.jpg","link":"https:\/\/backend-ugpe.gov.cv\/en\/projetos\/programa-de-capacitacao-atendimento-publico\/foto\/","alt":"","author":"13","description":"","caption":"","name":"foto","status":"inherit","uploaded_to":1318,"date":"2021-12-05 09:10:59","modified":"2021-12-05 09:10:59","menu_order":0,"mime_type":"image\/jpeg","type":"image","subtype":"jpeg","icon":"https:\/\/backend-ugpe.gov.cv\/wp-includes\/images\/media\/default.png","width":550,"height":434,"sizes":{"thumbnail":"https:\/\/backend-ugpe.gov.cv\/wp-content\/uploads\/2021\/09\/foto-150x150.jpg","thumbnail-width":150,"thumbnail-height":150,"medium":"https:\/\/backend-ugpe.gov.cv\/wp-content\/uploads\/2021\/09\/foto-300x237.jpg","medium-width":300,"medium-height":237,"medium_large":"https:\/\/backend-ugpe.gov.cv\/wp-content\/uploads\/2021\/09\/foto.jpg","medium_large-width":550,"medium_large-height":434,"large":"https:\/\/backend-ugpe.gov.cv\/wp-content\/uploads\/2021\/09\/foto.jpg","large-width":550,"large-height":434,"1536x1536":"https:\/\/backend-ugpe.gov.cv\/wp-content\/uploads\/2021\/09\/foto.jpg","1536x1536-width":550,"1536x1536-height":434,"2048x2048":"https:\/\/backend-ugpe.gov.cv\/wp-content\/uploads\/2021\/09\/foto.jpg","2048x2048-width":550,"2048x2048-height":434}},"entidades_beneficiarias":[{"ID":2590,"post_author":"13","post_date":"2022-02-03 11:46:57","post_date_gmt":"2022-02-03 12:46:57","post_content":"","post_title":"Families in vulnerable situations","post_excerpt":"","post_status":"publish","comment_status":"closed","ping_status":"closed","post_password":"","post_name":"familias-em-situacao-de-vulnerabilidade","to_ping":"","pinged":"","post_modified":"2022-09-28 11:22:21","post_modified_gmt":"2022-09-28 12:22:21","post_content_filtered":"","post_parent":0,"guid":"https:\/\/backend-ugpe.gov.cv\/ent_beneficiarias\/familias-em-situacao-de-vulnerabilidade\/","menu_order":18,"post_type":"ent_beneficiarias","post_mime_type":"","comment_count":"0","filter":"raw","post_title_ml":"[:pt]Fam\u00edlias em situa\u00e7\u00e3o de vulnerabilidade[:en]Families in vulnerable situations[:]","post_title_langs":{"pt":true,"en":true}},{"ID":2592,"post_author":"13","post_date":"2022-02-03 11:46:58","post_date_gmt":"2022-02-03 12:46:58","post_content":"","post_title":"Families benefiting from the Social Inclusion Income","post_excerpt":"","post_status":"publish","comment_status":"closed","ping_status":"closed","post_password":"","post_name":"familias-beneficiarias-do-rendimento-social-da-inclusao","to_ping":"","pinged":"","post_modified":"2022-09-29 12:07:46","post_modified_gmt":"2022-09-29 13:07:46","post_content_filtered":"","post_parent":0,"guid":"https:\/\/backend-ugpe.gov.cv\/ent_beneficiarias\/familias-beneficiarias-do-rendimento-social-da-inclusao\/","menu_order":17,"post_type":"ent_beneficiarias","post_mime_type":"","comment_count":"0","filter":"raw","post_title_ml":"[:pt]Fam\u00edlias benefici\u00e1rias do Rendimento Social da Inclus\u00e3o[:en]Families benefiting from the Social Inclusion Income[:]","post_title_langs":{"pt":true,"en":true}},{"ID":2378,"post_author":"13","post_date":"2021-12-09 15:02:23","post_date_gmt":"2021-12-09 16:02:23","post_content":"","post_title":"Municipal Councils","post_excerpt":"","post_status":"publish","comment_status":"closed","ping_status":"closed","post_password":"","post_name":"camaras-municipais","to_ping":"","pinged":"","post_modified":"2022-09-29 12:09:14","post_modified_gmt":"2022-09-29 13:09:14","post_content_filtered":"","post_parent":0,"guid":"https:\/\/backend-ugpe.gov.cv\/ent_beneficiarias\/camaras-municipais\/","menu_order":48,"post_type":"ent_beneficiarias","post_mime_type":"","comment_count":"0","filter":"raw","post_title_ml":"[:pt]C\u00e2maras Municipais[:en]Municipal Councils[:]","post_title_langs":{"pt":true,"en":true}},{"ID":2379,"post_author":"13","post_date":"2021-12-09 15:20:49","post_date_gmt":"2021-12-09 16:20:49","post_content":"","post_title":"Ministry of Family, inclusion and social development","post_excerpt":"","post_status":"publish","comment_status":"closed","ping_status":"closed","post_password":"","post_name":"ministry-of-family-inclusion-and-social-development","to_ping":"","pinged":"","post_modified":"2021-12-10 10:30:56","post_modified_gmt":"2021-12-10 11:30:56","post_content_filtered":"","post_parent":0,"guid":"https:\/\/backend-ugpe.gov.cv\/ent_beneficiarias\/ministry-of-family-inclusion-and-social-development\/","menu_order":20,"post_type":"ent_beneficiarias","post_mime_type":"","comment_count":"0","filter":"raw","post_title_ml":"[:pt]Minist\u00e9rio da Fam\u00edlia, Inclus\u00e3o e Desenvolvimento Social [:en]Ministry of Family, inclusion and social development[:]","post_title_langs":{"pt":true,"en":true}},{"ID":3855,"post_author":"13","post_date":"2022-09-29 12:11:34","post_date_gmt":"2022-09-29 13:11:34","post_content":"","post_title":"Children in vulnerable situations","post_excerpt":"","post_status":"publish","comment_status":"closed","ping_status":"closed","post_password":"","post_name":"criancas-vulneraveis","to_ping":"","pinged":"","post_modified":"2022-09-29 12:11:39","post_modified_gmt":"2022-09-29 13:11:39","post_content_filtered":"","post_parent":0,"guid":"https:\/\/backend-ugpe.gov.cv\/?post_type=ent_beneficiarias&#038;p=3855","menu_order":0,"post_type":"ent_beneficiarias","post_mime_type":"","comment_count":"0","filter":"raw","post_title_ml":"[:pt]Crian\u00e7as vulner\u00e1veis[:en]Children in vulnerable situations[:]","post_title_langs":{"pt":true,"en":true}}],"componentes":[{"titulo_do_componente":"Strengthening Social Protection Systems","objetivo":"This component aims to increase the capacity of MFIDS and the municipalities involved Ministry of Family and Social Inclusion, Municipalities","moeda_componente":"USD","valor_moeda_estrangeira_componente":"965000","valor":"93605000","beneficiarios_componentes":[{"nome_do_beneficiario":"Minist\u00e9rio da Fam\u00edlia, Inclus\u00e3o e Desenvolvimento Social"},{"nome_do_beneficiario":"C\u00e2maras Municipais"}],"subcomponente":[{"titulo_do_subcomponente":"Development of permanent systems for the implementation of Social Protection programs","objetivo":"This subcomponent aims to strengthen the capacity of the Ministry of Family and Social Inclusion","moeda_subcomponente":"USD","valor_moeda_estrangeira_subcomponente":"725000","valor":"70325000","beneficiarios":false},{"titulo_do_subcomponente":"Support to the expansion of the Single Social Registry","objetivo":"This subcomponent aims to increase the coverage of the Single Social Registry in the country","moeda_subcomponente":"USD","valor_moeda_estrangeira_subcomponente":"240000","valor":"23280000","beneficiarios":false}],"indicador":[{"titulo_do_indicador":"MFIDS and Municipal Council employees trained to effectively monitor and implement social protection programs","unidade_de_medida":"number","baseline":"0.00","end_target":"150.00","subindicador":false},{"titulo_do_indicador":"RSI money transfer payments made by a formal payment agent","unidade_de_medida":"percentage","baseline":"100.00","end_target":"100.00","subindicador":false},{"titulo_do_indicador":"Complaints registered in the Project's Mechanism for Managing Complaints - MGM in a timely manner - Citizen Participation Indicator","unidade_de_medida":"percentage","baseline":"0.00","end_target":"80.00","subindicador":false}]},{"titulo_do_componente":"Expanding the Social Inclusion Income Program","objetivo":"This component aims to extend the income transfer program to the families in vulnerable situations","moeda_componente":"USD","valor_moeda_estrangeira_componente":"18760000","valor":"1819720000","beneficiarios_componentes":[{"nome_do_beneficiario":"Popula\u00e7\u00e3o em Geral"}],"subcomponente":[{"titulo_do_subcomponente":"Income transfer for families in vulnerable situations and with children","objetivo":"This subcomponent aims to provide an additional income to families in vulnerable situations for a period of two years selected in the Single Registry","moeda_subcomponente":"USD","valor_moeda_estrangeira_subcomponente":"17760000","valor":"1722720000","beneficiarios":false},{"titulo_do_subcomponente":"Supporting the socio-economic inclusion of Social Inclusion Income beneficiaries","objetivo":"This subcomponent aims to support RSI beneficiaries in achieving their productive and social inclusion and increasing their access to the labor market, self-employment and income-generating initiatives.","moeda_subcomponente":"USD","valor_moeda_estrangeira_subcomponente":"1000000","valor":"97000000","beneficiarios":false}],"indicador":[{"titulo_do_indicador":"Family members benefiting from emergency RSI cash transfers","unidade_de_medida":"number","baseline":"0.00","end_target":"20 000,00","subindicador":false},{"titulo_do_indicador":"RSI households receiving timely money transfers","unidade_de_medida":"percentage","baseline":"0.00","end_target":"80.00","subindicador":false},{"titulo_do_indicador":"Beneficiaries satisfied with the support received from the RSI program","unidade_de_medida":"percentage","baseline":"0.00","end_target":"70.00","subindicador":false}]},{"titulo_do_componente":"Project Implementation","objetivo":"This component aims to support UGPE in the Management and Coordination of the Project and in building its Procurement, Financial Management, Monitoring and Evaluation capacity, through the provision of technical consulting services, operational costs, goods and audits","moeda_componente":"USD","valor_moeda_estrangeira_componente":"275000","valor":"26675000","beneficiarios_componentes":false,"subcomponente":false,"indicador":false}],"grupos_de_indicadores":[{"titulo_do_grupo":"Greater effectiveness of the social protection system","indicador":[{"titulo_do_indicador":"Beneficiaries of the social protection network programs","unidade_de_medida":"number","baseline":"0.00","end_target":"150 964,00","subindicador":[{"titulo_do_subindicador":"Beneficiaries of social protection network programs - women","unidade_de_medida":"number","baseline":"0.00","end_target":"79.407,00"}]},{"titulo_do_indicador":"Beneficiaries of social safety net programs- unconditional cash transfer","unidade_de_medida":"number","baseline":"0.00","end_target":"150. 964,00","subindicador":[{"titulo_do_subindicador":"RSI Beneficiaries","unidade_de_medida":"number","baseline":"0.00","end_target":"4. 515,00"},{"titulo_do_subindicador":"eRSI Beneficiaries","unidade_de_medida":"number","baseline":"0.00","end_target":"23. 650,00"}]},{"titulo_do_indicador":"Households benefiting from the Social Inclusion Income - RSI in Q1 and Q2 of the income distribution","unidade_de_medida":"percentage","baseline":"0.00","end_target":"100.00","subindicador":false}]},{"titulo_do_grupo":"Greater effectiveness of the social protection sector","indicador":[{"titulo_do_indicador":"RSI households benefiting from productive inclusion activities","unidade_de_medida":"number","baseline":"0.00","end_target":"2.000,00","subindicador":false},{"titulo_do_indicador":"RSI beneficiaries registered in the Single Social Registry","unidade_de_medida":"percentage","baseline":"30.00","end_target":"100.00","subindicador":false}]}],"documentos":[{"titulo":"Project Appraisal Document","referencia":"P165267","ficheiro":{"ID":2279,"id":2279,"title":"PAD_Inclus\u00e3o Social","filename":"PAD_Inclusao-Social.pdf","filesize":1013596,"url":"https:\/\/backend-ugpe.gov.cv\/wp-content\/uploads\/2021\/09\/PAD_Inclusao-Social.pdf","link":"https:\/\/backend-ugpe.gov.cv\/en\/projetos\/programa-de-capacitacao-atendimento-publico\/pad_inclusao-social\/","alt":"","author":"13","description":"PAD Projeto Inclus\u00e3o Social","caption":"PAD Projeto Inclus\u00e3o Social","name":"pad_inclusao-social","status":"inherit","uploaded_to":1318,"date":"2021-12-06 16:03:54","modified":"2021-12-06 16:04:15","menu_order":0,"mime_type":"application\/pdf","type":"application","subtype":"pdf","icon":"https:\/\/backend-ugpe.gov.cv\/wp-includes\/images\/media\/document.png"},"icone":false,"tipo_documento":[]},{"titulo":"Social Inclusion Project Financing Agreement","referencia":"P165267","ficheiro":{"ID":2593,"id":2593,"title":"Acordo Financiamento Projecto Inclusao Social Ing vs. 130219.cleaned","filename":"Acordo-Financiamento-Projecto-Inclusao-Social-Ing-vs.-130219.cleaned.pdf","filesize":3909817,"url":"https:\/\/backend-ugpe.gov.cv\/wp-content\/uploads\/2021\/09\/Acordo-Financiamento-Projecto-Inclusao-Social-Ing-vs.-130219.cleaned.pdf","link":"https:\/\/backend-ugpe.gov.cv\/en\/projetos\/programa-de-capacitacao-atendimento-publico\/acordo-financiamento-projecto-inclusao-social-ing-vs-130219-cleaned\/","alt":"","author":"13","description":"Acordo de Financiamento Projeto Inclus\u00e3o Social","caption":"Acordo de Financiamento Projeto Inclus\u00e3o Social","name":"acordo-financiamento-projecto-inclusao-social-ing-vs-130219-cleaned","status":"inherit","uploaded_to":1318,"date":"2022-02-03 13:05:14","modified":"2022-02-03 13:05:45","menu_order":0,"mime_type":"application\/pdf","type":"application","subtype":"pdf","icon":"https:\/\/backend-ugpe.gov.cv\/wp-includes\/images\/media\/document.png"},"icone":false,"tipo_documento":[]},{"titulo":"Additional Financing Agreement Social Inclusion Project","referencia":"P165267","ficheiro":{"ID":2594,"id":2594,"title":"Acordo Adicional Financiamento Projecto Inclusao Social Assinado.cleaned","filename":"Acordo-Adicional-Financiamento-Projecto-Inclusao-Social-Assinado.cleaned.pdf","filesize":969767,"url":"https:\/\/backend-ugpe.gov.cv\/wp-content\/uploads\/2021\/09\/Acordo-Adicional-Financiamento-Projecto-Inclusao-Social-Assinado.cleaned.pdf","link":"https:\/\/backend-ugpe.gov.cv\/en\/projetos\/programa-de-capacitacao-atendimento-publico\/acordo-adicional-financiamento-projecto-inclusao-social-assinado-cleaned\/","alt":"","author":"13","description":"Acordo Adicional Financiamento Projecto Inclusao Social ","caption":"Acordo Adicional Financiamento Projecto Inclusao Social ","name":"acordo-adicional-financiamento-projecto-inclusao-social-assinado-cleaned","status":"inherit","uploaded_to":1318,"date":"2022-02-03 13:07:52","modified":"2022-02-03 13:09:21","menu_order":0,"mime_type":"application\/pdf","type":"application","subtype":"pdf","icon":"https:\/\/backend-ugpe.gov.cv\/wp-includes\/images\/media\/document.png"},"icone":false,"tipo_documento":[]}],"valor_inicial_moeda_estrangeira":"10000000","moeda":"USD","valor_adicional_moeda_estrangeira":"10000000","valor_total_moeda_estrangeira":"20000000","area_de_intervencao_ambiental_e_social":{"ID":4964,"post_author":"10","post_date":"2023-04-19 16:21:51","post_date_gmt":"2023-04-19 17:21:51","post_content":"","post_title":"Environmental and Social Instruments","post_excerpt":"","post_status":"publish","comment_status":"closed","ping_status":"closed","post_password":"","post_name":"instrumentos-ambientais-e-sociais","to_ping":"","pinged":"","post_modified":"2023-05-24 15:12:20","post_modified_gmt":"2023-05-24 16:12:20","post_content_filtered":"","post_parent":0,"guid":"https:\/\/backend-ugpe.gov.cv\/?post_type=ambiental_e_social&#038;p=4964","menu_order":2,"post_type":"ambiental_e_social","post_mime_type":"","comment_count":"0","filter":"raw","post_title_ml":"[:pt]Instrumentos Ambientais e Sociais[:en]Environmental and Social Instruments[:]","post_title_langs":{"pt":true,"en":true}}},"area_projeto":"Socials","_links":{"self":[{"href":"https:\/\/backend-ugpe.gov.cv\/en\/wp-json\/wp\/v2\/projetos\/1318","targetHints":{"allow":["GET"]}}],"collection":[{"href":"https:\/\/backend-ugpe.gov.cv\/en\/wp-json\/wp\/v2\/projetos"}],"about":[{"href":"https:\/\/backend-ugpe.gov.cv\/en\/wp-json\/wp\/v2\/types\/projetos"}],"wp:attachment":[{"href":"https:\/\/backend-ugpe.gov.cv\/en\/wp-json\/wp\/v2\/media?parent=1318"}],"wp:term":[{"taxonomy":"areas_de_projeto","embeddable":true,"href":"https:\/\/backend-ugpe.gov.cv\/en\/wp-json\/wp\/v2\/areas_de_projeto?post=1318"},{"taxonomy":"estado_do_projeto","embeddable":true,"href":"https:\/\/backend-ugpe.gov.cv\/en\/wp-json\/wp\/v2\/estado_do_projeto?post=1318"}],"curies":[{"name":"wp","href":"https:\/\/api.w.org\/{rel}","templated":true}]}}